{"id":350,"date":"2020-08-24T13:40:10","date_gmt":"2020-08-24T11:40:10","guid":{"rendered":"https:\/\/dieter-impekoven.de\/Sanitaer-Heizung-Klima\/?page_id=350"},"modified":"2020-12-23T12:07:26","modified_gmt":"2020-12-23T11:07:26","slug":"neuigkeiten","status":"publish","type":"page","link":"https:\/\/dieter-impekoven.de\/Sanitaer-Heizung-Klima\/neuigkeiten\/","title":{"rendered":"Neuigkeiten"},"content":{"rendered":"<div  data-label=\"Neuigkeiten\" data-id=\"latest_news--1\" data-export-id=\"blog-section-mc\" data-category=\"latest_news\" class=\"blog-section-mc blog-section-standard content-section content-section-spacing\" id=\"neuigkeiten\" style=\"background-color: rgba(255, 255, 255, 0); background-image: none; background-size: cover; background-position: center top;\"><div  class=\"gridContainer\"> <div  class=\"row\"><div  data-type=\"column\" class=\"section-title-col\"> <h5  class=\"\">Fa. Dieter Impekoven e.K.<\/h5> <h2  class=\"\">Neuigkeiten<\/h2> <p  class=\"lead\">Bleiben Sie auf dem Laufenden.<\/p><\/div> <\/div> <div  class=\"row\"> <div  data-type=\"row\" data-dynamic-columns=\"handled\" data-content-shortcode=\"mesmerize_latest_news posts=&quot;3&quot; \">\t\t<div class=\"row center-sm content-left-sm\">\n\t\t\t\t\t<div id=\"post-1001\" class=\"col-sm-6 col-md-4 space-bottom space-bottom-xs\">\n\t\t\t\t<div class=\"post-content card y-move bordered\">\n\t\t\t\t\t<div class=\"post-thumbnail\">\n   <a href=\"https:\/\/dieter-impekoven.de\/Sanitaer-Heizung-Klima\/die-neue-waermepumpengeneration-von-bosch\/\" class=\"post-list-item-thumb \">\n      <img loading=\"lazy\" decoding=\"async\" width=\"1024\" height=\"576\" src=\"https:\/\/dieter-impekoven.de\/Sanitaer-Heizung-Klima\/wp-content\/uploads\/2023\/05\/cs5800_6800_small_chassis_right_perspective-1024x576.jpg\" class=\"attachment-post-thumbnail size-post-thumbnail wp-post-image\" alt=\"\" srcset=\"https:\/\/dieter-impekoven.de\/Sanitaer-Heizung-Klima\/wp-content\/uploads\/2023\/05\/cs5800_6800_small_chassis_right_perspective-1024x576.jpg 1024w, https:\/\/dieter-impekoven.de\/Sanitaer-Heizung-Klima\/wp-content\/uploads\/2023\/05\/cs5800_6800_small_chassis_right_perspective-300x169.jpg 300w, https:\/\/dieter-impekoven.de\/Sanitaer-Heizung-Klima\/wp-content\/uploads\/2023\/05\/cs5800_6800_small_chassis_right_perspective-768x432.jpg 768w, https:\/\/dieter-impekoven.de\/Sanitaer-Heizung-Klima\/wp-content\/uploads\/2023\/05\/cs5800_6800_small_chassis_right_perspective-1536x864.jpg 1536w, https:\/\/dieter-impekoven.de\/Sanitaer-Heizung-Klima\/wp-content\/uploads\/2023\/05\/cs5800_6800_small_chassis_right_perspective-2048x1152.jpg 2048w, https:\/\/dieter-impekoven.de\/Sanitaer-Heizung-Klima\/wp-content\/uploads\/2023\/05\/cs5800_6800_small_chassis_right_perspective-1920x1080.jpg 1920w\" sizes=\"auto, (max-width: 1024px) 100vw, 1024px\" \/>   <\/a>\n<\/div>\n\t\t\t\t\t<div class=\"col-padding col-padding-xs\">\n\t\t\t\t\t\t<h3 class=\"post-title space-bottom-small\">\n\t\t\t\t\t\t\t<a href=\"https:\/\/dieter-impekoven.de\/Sanitaer-Heizung-Klima\/die-neue-waermepumpengeneration-von-bosch\/\" rel=\"bookmark\">\n\t\t\t\t\t\t\t\t\t\t\t\t\t\t\t<\/a>\n\t\t\t\t\t\t<\/h3>\n\t\t\t\t\t\t<p>Die neue W\u00e4rmepumpengeneration von Bosch Zukunftssicher und fantastisch leise Die neue W\u00e4rmepumpengeneration von Bosch Bei der Entwicklung der neuen Luft-Wasser-W\u00e4rmepumpen Compress 5800i AW und Compress 6800i AW hat Bosch genau[&hellip;]<\/p>\n\t\t\t\t\t\t<a class=\"read-more link\" href=\"https:\/\/dieter-impekoven.de\/Sanitaer-Heizung-Klima\/die-neue-waermepumpengeneration-von-bosch\/\">\n\t\t\t\t\t\t\tRead more\t\t\t\t\t\t<\/a>\n\t\t\t\t\t<\/div>\n\t\t\t\t<\/div>\n\t\t\t<\/div>\n\t\t\t\t<\/div>\n\t<\/div><\/div> <div  class=\"row\"><div  class=\"text-center\"> <a  class=\"button small no-shadow color-white white-text\" data-attr-shortcode=\"href:mesmerize_blog_link\" href=\"https:\/\/dieter-impekoven.de\/Sanitaer-Heizung-Klima\/?post_type=post\" data-icon=\"\"><\/a><\/div> <\/div><\/div><\/div>","protected":false},"excerpt":{"rendered":"<p>Fa. Dieter Impekoven e.K. Neuigkeiten Bleiben Sie auf dem Laufenden.<\/p>\n","protected":false},"author":1,"featured_media":746,"parent":0,"menu_order":0,"comment_status":"closed","ping_status":"closed","template":"pro\/page-templates\/full-width-page.php","meta":{"footnotes":""},"class_list":["post-350","page","type-page","status-publish","has-post-thumbnail","hentry"],"_links":{"self":[{"href":"https:\/\/dieter-impekoven.de\/Sanitaer-Heizung-Klima\/wp-json\/wp\/v2\/pages\/350","targetHints":{"allow":["GET"]}}],"collection":[{"href":"https:\/\/dieter-impekoven.de\/Sanitaer-Heizung-Klima\/wp-json\/wp\/v2\/pages"}],"about":[{"href":"https:\/\/dieter-impekoven.de\/Sanitaer-Heizung-Klima\/wp-json\/wp\/v2\/types\/page"}],"author":[{"embeddable":true,"href":"https:\/\/dieter-impekoven.de\/Sanitaer-Heizung-Klima\/wp-json\/wp\/v2\/users\/1"}],"replies":[{"embeddable":true,"href":"https:\/\/dieter-impekoven.de\/Sanitaer-Heizung-Klima\/wp-json\/wp\/v2\/comments?post=350"}],"version-history":[{"count":5,"href":"https:\/\/dieter-impekoven.de\/Sanitaer-Heizung-Klima\/wp-json\/wp\/v2\/pages\/350\/revisions"}],"predecessor-version":[{"id":748,"href":"https:\/\/dieter-impekoven.de\/Sanitaer-Heizung-Klima\/wp-json\/wp\/v2\/pages\/350\/revisions\/748"}],"wp:featuredmedia":[{"embeddable":true,"href":"https:\/\/dieter-impekoven.de\/Sanitaer-Heizung-Klima\/wp-json\/wp\/v2\/media\/746"}],"wp:attachment":[{"href":"https:\/\/dieter-impekoven.de\/Sanitaer-Heizung-Klima\/wp-json\/wp\/v2\/media?parent=350"}],"curies":[{"name":"wp","href":"https:\/\/api.w.org\/{rel}","templated":true}]}}